{"id":12426,"date":"2025-11-18T23:08:19","date_gmt":"2025-11-18T20:08:19","guid":{"rendered":"https:\/\/stileuropa.com\/product\/alhena-tv-uenitesi-antrasit-m428\/"},"modified":"2025-11-19T14:12:28","modified_gmt":"2025-11-19T11:12:28","slug":"alhena-tv-uenitesi-antrasit-m428","status":"publish","type":"product","link":"https:\/\/stileuropa.com\/tr\/urun\/alhena-tv-uenitesi-antrasit-m428\/","title":{"rendered":"Alhena TV \u00dcnitesi, Antrasit, M428"},"content":{"rendered":"<p>Stileuropa&#8217;n\u0131n geni\u015f \u00fcr\u00fcn yelpazesi, \u015f\u0131kl\u0131k ve konforu bir arada sunarak her ya\u015fam alan\u0131na hitap ediyor. L\u00fcks sofalar, yataklar, bazalar, gard\u0131roplar ve masalar, y\u00fcksek kaliteli malzemelerle \u00fcretilmi\u015ftir ve her biri uzun \u00f6m\u00fcrl\u00fc dayan\u0131kl\u0131l\u0131\u011f\u0131 ile dikkat \u00e7ekiyor. \u00dcr\u00fcnlerimiz, her sipari\u015fin yeni bir yolculuk oldu\u011fu anlay\u0131\u015f\u0131yla, \u00f6zel sipari\u015fle \u00fcretilmektedir. T\u00fcm \u00fcr\u00fcnlerimiz, sipari\u015finizin ard\u0131ndan 3-5 hafta i\u00e7inde \u00fccretsiz kargo ve montaj hizmeti ile kap\u0131n\u0131za ula\u015f\u0131r. Stileuropa olarak, ya\u015fam alanlar\u0131n\u0131z\u0131 g\u00fczelle\u015ftirmek i\u00e7in en iyi malzemeleri ve tasar\u0131mlar\u0131 sunmaktan gurur\u00a0duyuyoruz.<\/p>\n","protected":false},"excerpt":{"rendered":"<p>Alhena TV \u00dcnitesi, ah\u015fap tasar\u0131m\u0131yla do\u011fal ve s\u0131cak bir atmosfer sunar. Antrasit boyal\u0131 \u00f6n \u00e7ekmeceleri, modern ve \u015f\u0131k bir kontrast olu\u015fturarak dekorasyona sofistike bir dokunu\u015f katar. Estetik ve fonksiyonelli\u011fi bir araya getiren Alhena TV \u00dcnitesi, zarif detaylar\u0131yla her ya\u015fam alan\u0131na uyum sa\u011flar.<\/p>\n","protected":false},"featured_media":7266,"comment_status":"open","ping_status":"open","template":"","meta":[],"product_brand":[],"product_cat":[303,430],"product_tag":[],"class_list":{"0":"post-12426","1":"product","2":"type-product","3":"status-publish","4":"has-post-thumbnail","6":"product_cat-oturma-odasi","7":"product_cat-tv-uenitesi","8":"pa_marka-mono","9":"pa_renk-ceviz-kaplama","11":"first","12":"instock","13":"purchasable","14":"product-type-simple"},"yoast_head":"<!-- This site is optimized with the Yoast SEO plugin v24.9 - https:\/\/yoast.com\/wordpress\/plugins\/seo\/ -->\n<title>Alhena TV \u00dcnitesi, Antrasit, M428 - StilEuropa<\/title>\n<meta name=\"robots\" content=\"index, follow, max-snippet:-1, max-image-preview:large, max-video-preview:-1\" \/>\n<link rel=\"canonical\" href=\"https:\/\/stileuropa.com\/tr\/urun\/alhena-tv-uenitesi-antrasit-m428\/\" \/>\n<meta property=\"og:locale\" content=\"tr_TR\" \/>\n<meta property=\"og:type\" content=\"article\" \/>\n<meta property=\"og:title\" content=\"Alhena TV \u00dcnitesi, Antrasit, M428 - StilEuropa\" \/>\n<meta property=\"og:description\" content=\"Alhena TV \u00dcnitesi, ah\u015fap tasar\u0131m\u0131yla do\u011fal ve s\u0131cak bir atmosfer sunar. Antrasit boyal\u0131 \u00f6n \u00e7ekmeceleri, modern ve \u015f\u0131k bir kontrast olu\u015fturarak dekorasyona sofistike bir dokunu\u015f katar. Estetik ve fonksiyonelli\u011fi bir araya getiren Alhena TV \u00dcnitesi, zarif detaylar\u0131yla her ya\u015fam alan\u0131na uyum sa\u011flar.\" \/>\n<meta property=\"og:url\" content=\"https:\/\/stileuropa.com\/tr\/urun\/alhena-tv-uenitesi-antrasit-m428\/\" \/>\n<meta property=\"og:site_name\" content=\"StilEuropa\" \/>\n<meta property=\"article:modified_time\" content=\"2025-11-19T11:12:28+00:00\" \/>\n<meta property=\"og:image\" content=\"https:\/\/stileuropa.com\/wp-content\/uploads\/2024\/08\/SEM000034-1.webp\" \/>\n\t<meta property=\"og:image:width\" content=\"1600\" \/>\n\t<meta property=\"og:image:height\" content=\"1200\" \/>\n\t<meta property=\"og:image:type\" content=\"image\/webp\" \/>\n<meta name=\"twitter:card\" content=\"summary_large_image\" \/>\n<meta name=\"twitter:label1\" content=\"Tahmini okuma s\u00fcresi\" \/>\n\t<meta name=\"twitter:data1\" content=\"1 dakika\" \/>\n<script type=\"application\/ld+json\" class=\"yoast-schema-graph\">{\"@context\":\"https:\/\/schema.org\",\"@graph\":[{\"@type\":\"WebPage\",\"@id\":\"https:\/\/stileuropa.com\/tr\/urun\/alhena-tv-uenitesi-antrasit-m428\/\",\"url\":\"https:\/\/stileuropa.com\/tr\/urun\/alhena-tv-uenitesi-antrasit-m428\/\",\"name\":\"Alhena TV \u00dcnitesi, Antrasit, M428 - StilEuropa\",\"isPartOf\":{\"@id\":\"https:\/\/stileuropa.com\/#website\"},\"primaryImageOfPage\":{\"@id\":\"https:\/\/stileuropa.com\/tr\/urun\/alhena-tv-uenitesi-antrasit-m428\/#primaryimage\"},\"image\":{\"@id\":\"https:\/\/stileuropa.com\/tr\/urun\/alhena-tv-uenitesi-antrasit-m428\/#primaryimage\"},\"thumbnailUrl\":\"https:\/\/stileuropa.com\/wp-content\/uploads\/2024\/08\/SEM000034-1.webp\",\"datePublished\":\"2025-11-18T20:08:19+00:00\",\"dateModified\":\"2025-11-19T11:12:28+00:00\",\"breadcrumb\":{\"@id\":\"https:\/\/stileuropa.com\/tr\/urun\/alhena-tv-uenitesi-antrasit-m428\/#breadcrumb\"},\"inLanguage\":\"tr\",\"potentialAction\":[{\"@type\":\"ReadAction\",\"target\":[\"https:\/\/stileuropa.com\/tr\/urun\/alhena-tv-uenitesi-antrasit-m428\/\"]}]},{\"@type\":\"ImageObject\",\"inLanguage\":\"tr\",\"@id\":\"https:\/\/stileuropa.com\/tr\/urun\/alhena-tv-uenitesi-antrasit-m428\/#primaryimage\",\"url\":\"https:\/\/stileuropa.com\/wp-content\/uploads\/2024\/08\/SEM000034-1.webp\",\"contentUrl\":\"https:\/\/stileuropa.com\/wp-content\/uploads\/2024\/08\/SEM000034-1.webp\",\"width\":1600,\"height\":1200},{\"@type\":\"BreadcrumbList\",\"@id\":\"https:\/\/stileuropa.com\/tr\/urun\/alhena-tv-uenitesi-antrasit-m428\/#breadcrumb\",\"itemListElement\":[{\"@type\":\"ListItem\",\"position\":1,\"name\":\"Home\",\"item\":\"https:\/\/stileuropa.com\/\"},{\"@type\":\"ListItem\",\"position\":2,\"name\":\"Ma\u011faza\",\"item\":\"https:\/\/stileuropa.com\/tr\/shop\/\"},{\"@type\":\"ListItem\",\"position\":3,\"name\":\"Alhena TV \u00dcnitesi, Antrasit, M428\"}]},{\"@type\":\"WebSite\",\"@id\":\"https:\/\/stileuropa.com\/#website\",\"url\":\"https:\/\/stileuropa.com\/\",\"name\":\"StilEuropa\",\"description\":\"\",\"publisher\":{\"@id\":\"https:\/\/stileuropa.com\/#organization\"},\"potentialAction\":[{\"@type\":\"SearchAction\",\"target\":{\"@type\":\"EntryPoint\",\"urlTemplate\":\"https:\/\/stileuropa.com\/?s={search_term_string}\"},\"query-input\":{\"@type\":\"PropertyValueSpecification\",\"valueRequired\":true,\"valueName\":\"search_term_string\"}}],\"inLanguage\":\"tr\"},{\"@type\":\"Organization\",\"@id\":\"https:\/\/stileuropa.com\/#organization\",\"name\":\"StilEuropa\",\"url\":\"https:\/\/stileuropa.com\/\",\"logo\":{\"@type\":\"ImageObject\",\"inLanguage\":\"tr\",\"@id\":\"https:\/\/stileuropa.com\/#\/schema\/logo\/image\/\",\"url\":\"https:\/\/stileuropa.com\/wp-content\/uploads\/2024\/08\/styleuropa-logo-black.webp\",\"contentUrl\":\"https:\/\/stileuropa.com\/wp-content\/uploads\/2024\/08\/styleuropa-logo-black.webp\",\"width\":501,\"height\":53,\"caption\":\"StilEuropa\"},\"image\":{\"@id\":\"https:\/\/stileuropa.com\/#\/schema\/logo\/image\/\"}}]}<\/script>\n<!-- \/ Yoast SEO plugin. -->","yoast_head_json":{"title":"Alhena TV \u00dcnitesi, Antrasit, M428 - StilEuropa","robots":{"index":"index","follow":"follow","max-snippet":"max-snippet:-1","max-image-preview":"max-image-preview:large","max-video-preview":"max-video-preview:-1"},"canonical":"https:\/\/stileuropa.com\/tr\/urun\/alhena-tv-uenitesi-antrasit-m428\/","og_locale":"tr_TR","og_type":"article","og_title":"Alhena TV \u00dcnitesi, Antrasit, M428 - StilEuropa","og_description":"Alhena TV \u00dcnitesi, ah\u015fap tasar\u0131m\u0131yla do\u011fal ve s\u0131cak bir atmosfer sunar. Antrasit boyal\u0131 \u00f6n \u00e7ekmeceleri, modern ve \u015f\u0131k bir kontrast olu\u015fturarak dekorasyona sofistike bir dokunu\u015f katar. Estetik ve fonksiyonelli\u011fi bir araya getiren Alhena TV \u00dcnitesi, zarif detaylar\u0131yla her ya\u015fam alan\u0131na uyum sa\u011flar.","og_url":"https:\/\/stileuropa.com\/tr\/urun\/alhena-tv-uenitesi-antrasit-m428\/","og_site_name":"StilEuropa","article_modified_time":"2025-11-19T11:12:28+00:00","og_image":[{"width":1600,"height":1200,"url":"https:\/\/stileuropa.com\/wp-content\/uploads\/2024\/08\/SEM000034-1.webp","type":"image\/webp"}],"twitter_card":"summary_large_image","twitter_misc":{"Tahmini okuma s\u00fcresi":"1 dakika"},"schema":{"@context":"https:\/\/schema.org","@graph":[{"@type":"WebPage","@id":"https:\/\/stileuropa.com\/tr\/urun\/alhena-tv-uenitesi-antrasit-m428\/","url":"https:\/\/stileuropa.com\/tr\/urun\/alhena-tv-uenitesi-antrasit-m428\/","name":"Alhena TV \u00dcnitesi, Antrasit, M428 - StilEuropa","isPartOf":{"@id":"https:\/\/stileuropa.com\/#website"},"primaryImageOfPage":{"@id":"https:\/\/stileuropa.com\/tr\/urun\/alhena-tv-uenitesi-antrasit-m428\/#primaryimage"},"image":{"@id":"https:\/\/stileuropa.com\/tr\/urun\/alhena-tv-uenitesi-antrasit-m428\/#primaryimage"},"thumbnailUrl":"https:\/\/stileuropa.com\/wp-content\/uploads\/2024\/08\/SEM000034-1.webp","datePublished":"2025-11-18T20:08:19+00:00","dateModified":"2025-11-19T11:12:28+00:00","breadcrumb":{"@id":"https:\/\/stileuropa.com\/tr\/urun\/alhena-tv-uenitesi-antrasit-m428\/#breadcrumb"},"inLanguage":"tr","potentialAction":[{"@type":"ReadAction","target":["https:\/\/stileuropa.com\/tr\/urun\/alhena-tv-uenitesi-antrasit-m428\/"]}]},{"@type":"ImageObject","inLanguage":"tr","@id":"https:\/\/stileuropa.com\/tr\/urun\/alhena-tv-uenitesi-antrasit-m428\/#primaryimage","url":"https:\/\/stileuropa.com\/wp-content\/uploads\/2024\/08\/SEM000034-1.webp","contentUrl":"https:\/\/stileuropa.com\/wp-content\/uploads\/2024\/08\/SEM000034-1.webp","width":1600,"height":1200},{"@type":"BreadcrumbList","@id":"https:\/\/stileuropa.com\/tr\/urun\/alhena-tv-uenitesi-antrasit-m428\/#breadcrumb","itemListElement":[{"@type":"ListItem","position":1,"name":"Home","item":"https:\/\/stileuropa.com\/"},{"@type":"ListItem","position":2,"name":"Ma\u011faza","item":"https:\/\/stileuropa.com\/tr\/shop\/"},{"@type":"ListItem","position":3,"name":"Alhena TV \u00dcnitesi, Antrasit, M428"}]},{"@type":"WebSite","@id":"https:\/\/stileuropa.com\/#website","url":"https:\/\/stileuropa.com\/","name":"StilEuropa","description":"","publisher":{"@id":"https:\/\/stileuropa.com\/#organization"},"potentialAction":[{"@type":"SearchAction","target":{"@type":"EntryPoint","urlTemplate":"https:\/\/stileuropa.com\/?s={search_term_string}"},"query-input":{"@type":"PropertyValueSpecification","valueRequired":true,"valueName":"search_term_string"}}],"inLanguage":"tr"},{"@type":"Organization","@id":"https:\/\/stileuropa.com\/#organization","name":"StilEuropa","url":"https:\/\/stileuropa.com\/","logo":{"@type":"ImageObject","inLanguage":"tr","@id":"https:\/\/stileuropa.com\/#\/schema\/logo\/image\/","url":"https:\/\/stileuropa.com\/wp-content\/uploads\/2024\/08\/styleuropa-logo-black.webp","contentUrl":"https:\/\/stileuropa.com\/wp-content\/uploads\/2024\/08\/styleuropa-logo-black.webp","width":501,"height":53,"caption":"StilEuropa"},"image":{"@id":"https:\/\/stileuropa.com\/#\/schema\/logo\/image\/"}}]}},"_links":{"self":[{"href":"https:\/\/stileuropa.com\/tr\/wp-json\/wp\/v2\/product\/12426","targetHints":{"allow":["GET"]}}],"collection":[{"href":"https:\/\/stileuropa.com\/tr\/wp-json\/wp\/v2\/product"}],"about":[{"href":"https:\/\/stileuropa.com\/tr\/wp-json\/wp\/v2\/types\/product"}],"replies":[{"embeddable":true,"href":"https:\/\/stileuropa.com\/tr\/wp-json\/wp\/v2\/comments?post=12426"}],"wp:featuredmedia":[{"embeddable":true,"href":"https:\/\/stileuropa.com\/tr\/wp-json\/wp\/v2\/media\/7266"}],"wp:attachment":[{"href":"https:\/\/stileuropa.com\/tr\/wp-json\/wp\/v2\/media?parent=12426"}],"wp:term":[{"taxonomy":"product_brand","embeddable":true,"href":"https:\/\/stileuropa.com\/tr\/wp-json\/wp\/v2\/product_brand?post=12426"},{"taxonomy":"product_cat","embeddable":true,"href":"https:\/\/stileuropa.com\/tr\/wp-json\/wp\/v2\/product_cat?post=12426"},{"taxonomy":"product_tag","embeddable":true,"href":"https:\/\/stileuropa.com\/tr\/wp-json\/wp\/v2\/product_tag?post=12426"}],"curies":[{"name":"wp","href":"https:\/\/api.w.org\/{rel}","templated":true}]}}