{"id":10328,"date":"2024-07-09T04:25:57","date_gmt":"2024-07-09T01:25:57","guid":{"rendered":"https:\/\/stileuropa.com\/gonderim-ve-teslimat\/"},"modified":"2024-11-21T16:33:41","modified_gmt":"2024-11-21T13:33:41","slug":"gonderim-ve-teslimat","status":"publish","type":"page","link":"https:\/\/stileuropa.com\/tr\/gonderim-ve-teslimat\/","title":{"rendered":"G\u00f6nderim ve Teslimat"},"content":{"rendered":"\t\t<div data-elementor-type=\"wp-page\" data-elementor-id=\"10328\" class=\"elementor elementor-10328 elementor-655\" data-elementor-post-type=\"page\">\n\t\t\t\t<div class=\"elementor-element elementor-element-6920642 e-flex e-con-boxed e-con e-parent\" data-id=\"6920642\" data-element_type=\"container\" data-settings=\"{&quot;background_background&quot;:&quot;classic&quot;}\">\n\t\t\t\t\t<div class=\"e-con-inner\">\n\t\t\t\t<div class=\"elementor-element elementor-element-30be69e elementor-widget elementor-widget-heading\" data-id=\"30be69e\" data-element_type=\"widget\" data-widget_type=\"heading.default\">\n\t\t\t\t<div class=\"elementor-widget-container\">\n\t\t\t\t\t<h1 class=\"elementor-heading-title elementor-size-default\">G\u00f6nderim ve Teslimat<\/h1>\t\t\t\t<\/div>\n\t\t\t\t<\/div>\n\t\t\t\t\t<\/div>\n\t\t\t\t<\/div>\n\t\t<div class=\"elementor-element elementor-element-ede4728 e-flex e-con-boxed e-con e-child\" data-id=\"ede4728\" data-element_type=\"container\">\n\t\t\t\t\t<div class=\"e-con-inner\">\n\t\t<div class=\"elementor-element elementor-element-c39e236 e-con-full e-flex e-con e-child\" data-id=\"c39e236\" data-element_type=\"container\">\n\t\t\t\t<div class=\"elementor-element elementor-element-39437b0 elementor-widget elementor-widget-heading\" data-id=\"39437b0\" data-element_type=\"widget\" data-widget_type=\"heading.default\">\n\t\t\t\t<div class=\"elementor-widget-container\">\n\t\t\t\t\t<h2 class=\"elementor-heading-title elementor-size-default\"><b>\u00dcr\u00fcnlerin Sa\u011flanmas\u0131<\/b><\/h2>\t\t\t\t<\/div>\n\t\t\t\t<\/div>\n\t\t\t\t<div class=\"elementor-element elementor-element-cb80049 elementor-widget elementor-widget-text-editor\" data-id=\"cb80049\" data-element_type=\"widget\" data-widget_type=\"text-editor.default\">\n\t\t\t\t<div class=\"elementor-widget-container\">\n\t\t\t\t\t\t\t\t\t<p><b>1.1. Teslimat \u00dccreti: <\/b><span style=\"font-weight: 400;\"> Teslimat \u00fccretleri, sipari\u015f s\u00fcrecinde belirtilen \u015fekilde olacakt\u0131r.<\/span><\/p>\n<p><b>1.2. \u00dcr\u00fcnlerin Sa\u011flanmas\u0131<\/b><\/p>\n<p><b>1.2.1. \u00dcr\u00fcnlerin Teslimat\u0131: <\/b><span style=\"font-weight: 400;\"> \u00dcr\u00fcn(leri) size makul bir s\u00fcrede teslim edece\u011fiz. \u00dcr\u00fcn a\u00e7\u0131klamalar\u0131nda belirtilen ortalama teslimat s\u00fcreleri, sipari\u015finizi verdi\u011finiz g\u00fcnden itibaren ge\u00e7erli olacakt\u0131r. <\/span><\/p>\n<p><b>1.2.2. Teslimat ve \u00dcr\u00fcn Montaj\u0131: <\/b><span style=\"font-weight: 400;\"> Sipari\u015finizi verirken, \u00fcr\u00fcn montaj hizmetimiz i\u00e7in ek bir \u00fccret \u00f6deme se\u00e7ene\u011fine sahip olacaks\u0131n\u0131z. Bu hizmeti se\u00e7erseniz, uzman montaj ekibimizden bir \u00fcye, \u00fcr\u00fcn(leri) var\u0131\u015fta belirtilen yerde monte edecek ve kurulumunu yapacakt\u0131r. Bu hizmet, aksi kararla\u015ft\u0131r\u0131lmad\u0131k\u00e7a teslimat tarihinde ger\u00e7ekle\u015ftirilecektir. <\/span><\/p>\n<p><b>1.3.<\/b><span style=\"font-weight: 400;\"> Teslimat an\u0131nda, teslimat tarihini ve saatini, teslim edilen \u00fcr\u00fcn(ler)i ve montaj hizmetinin gerekip gerekmedi\u011fini onaylayan bir teslimat notu sa\u011flayaca\u011f\u0131z. Bu notun iki kopyas\u0131n\u0131 imzalaman\u0131z istenecek; bir kopyas\u0131 sizin kay\u0131tlar\u0131n\u0131z i\u00e7in, di\u011feri bizim i\u00e7indir. <\/span><\/p>\n<p><b>1.4.<\/b><span style=\"font-weight: 400;\"> Kontrol\u00fcm\u00fcz d\u0131\u015f\u0131ndaki gecikmelerden sorumlu de\u011filiz. \u00dcr\u00fcn(ler)imizin tedarikinde, kontrol\u00fcm\u00fcz d\u0131\u015f\u0131ndaki bir olay nedeniyle bir gecikme olursa, sizi bilgilendirmek ve gecikmenin etkisini en aza indirmek i\u00e7in m\u00fcmk\u00fcn olan en k\u0131sa s\u00fcrede sizinle ileti\u015fime ge\u00e7ece\u011fiz. Bunu yapt\u0131\u011f\u0131m\u0131z s\u00fcrece, olay\u0131n neden oldu\u011fu gecikmelerden sorumlu olmayaca\u011f\u0131z; ancak, \u00f6nemli bir gecikme riski varsa, s\u00f6zle\u015fmeyi sonland\u0131rmak ve \u00f6dedi\u011finiz ancak almad\u0131\u011f\u0131n\u0131z \u00fcr\u00fcnler i\u00e7in geri \u00f6deme almak \u00fczere bizimle ileti\u015fime ge\u00e7ebilirsiniz. <\/span><\/p>\n<p><b>1.5. Ma\u011fazadan Teslim Alma: <\/b><span style=\"font-weight: 400;\"> \u00dcr\u00fcnleri tesislerimizden almak istediyseniz, \u00fcr\u00fcnler tesislerimize teslim edildi\u011finde ve al\u0131nmaya haz\u0131r oldu\u011funda sizinle ileti\u015fime ge\u00e7ece\u011fiz. Bu tarihten itibaren, \u00fcr\u00fcnleri \u00e7al\u0131\u015fma saatlerimiz i\u00e7inde (haftai\u00e7i, resmi tatiller hari\u00e7, 11.00 &#8211; 18.00) istedi\u011finiz zaman bizden alabilirsiniz. <\/span><\/p>\n<p><b>1.6. \u00dcr\u00fcn Teslimat\u0131nda Evde Kimse Yoksa: <\/b><span style=\"font-weight: 400;\"> Adresinizde teslimat\u0131 almak i\u00e7in kimse bulunmuyorsa ve \u00fcr\u00fcnler posta kutunuzdan b\u0131rak\u0131lacak durumda de\u011filse, teslimat\u0131 yeniden d\u00fczenleme veya \u00fcr\u00fcnleri yerel depodan alma talimatlar\u0131n\u0131 i\u00e7eren bir not b\u0131rakaca\u011f\u0131z.<\/span><\/p>\n<p><b>1.7. Teslimat\u0131n Yap\u0131lamamas\u0131: <\/b><span style=\"font-weight: 400;\"> E\u011fer d\u00fczenlendi\u011fi \u015fekilde \u00fcr\u00fcnleri bizden almazsan\u0131z veya size yap\u0131lan bir teslimat ba\u015far\u0131s\u0131z olduktan sonra teslimat\u0131 yeniden d\u00fczenlemez veya bir teslimat deposundan almazsan\u0131z, sizinle ileti\u015fime ge\u00e7erek ek talimatlar isteyece\u011fiz ve depolama maliyetleri ile herhangi bir ek teslimat maliyetini talep edebiliriz.<\/span><\/p>\n<p><b>1.8. Montaj Hizmetleri i\u00e7in \u00d6deme Yapt\u0131ysan\u0131z ve Bunlar\u0131 Sa\u011flamam\u0131za \u0130zin Vermiyorsan\u0131z: <\/b><span style=\"font-weight: 400;\"> E\u011fer d\u00fczenlendi\u011fi \u015fekilde hizmetleri ger\u00e7ekle\u015ftirmek i\u00e7in m\u00fclk\u00fcn\u00fcze eri\u015fim izni vermezseniz (ve bunun i\u00e7in ge\u00e7erli bir nedeniniz yoksa), bu durumdan kaynaklanan ek maliyetleri sizden talep edebiliriz. Eri\u015fimi alternatif bir tarih ve saatte yeniden d\u00fczenlememizi talep ederseniz, \u00f6nceden kararla\u015ft\u0131r\u0131lmad\u0131k\u00e7a bu durum ek maliyetler do\u011furacakt\u0131r. <\/span><\/p>\n<p><b>1.9. Teslimat\u0131n Gecikmesi Durumunda Yasal Haklar\u0131n\u0131z: <\/b><span style=\"font-weight: 400;\"> Herhangi bir \u00fcr\u00fcn\u00fc ge\u00e7 teslim edersek, yasal haklar\u0131n\u0131z vard\u0131r. E\u011fer herhangi bir \u00fcr\u00fcn i\u00e7in teslimat tarihini ka\u00e7\u0131r\u0131rsak, a\u015fa\u011f\u0131daki durumlardan herhangi biri ge\u00e7erliyse s\u00f6zle\u015fmeyi derhal sona erdirebilirsiniz: <\/span><\/p>\n<p><b>1.9.1.<\/b><span style=\"font-weight: 400;\"> \u00dcr\u00fcnleri teslim etmeyi reddettik.<\/span><\/p>\n<p><b>1.10. Teslimat \u0130\u00e7in Yeni Bir Tarih Belirleme: <\/b><span style=\"font-weight: 400;\"> S\u00f6zle\u015fmeyi derhal sona erdirmek istemiyorsan\u0131z veya 1.9. maddesine g\u00f6re bunu yapma hakk\u0131na sahip de\u011filseniz, bize makul bir yeni teslimat tarihi verebilirsiniz ve biz bu yeni tarihe uymad\u0131\u011f\u0131m\u0131z takdirde s\u00f6zle\u015fmeyi sona erdirebilirsiniz.<\/span><\/p>\n<p><b>1.11. Teslimat\u0131n Gecikmesi Nedeniyle S\u00f6zle\u015fmenin Feshi: <\/b><span style=\"font-weight: 400;\"> E\u011fer 1.9 veya 1.10 maddesi kapsam\u0131nda ge\u00e7 teslimat nedeniyle s\u00f6zle\u015fmeyi sona erdirmeyi tercih ederseniz, sipari\u015finizi verdi\u011finiz \u00fcr\u00fcnlerden herhangi birini iptal edebilir veya teslim edilen \u00fcr\u00fcnleri reddedebilirsiniz. \u0130sterseniz, bu \u00fcr\u00fcnlerin baz\u0131lar\u0131n\u0131n (hepsinin de\u011fil) sipari\u015fini reddedebilir veya iptal edebilirsiniz, ancak bunlar\u0131n ayr\u0131lmas\u0131n\u0131n de\u011ferini \u00f6nemli \u00f6l\u00e7\u00fcde azaltmayaca\u011f\u0131n\u0131 g\u00f6z \u00f6n\u00fcnde bulundurmal\u0131s\u0131n\u0131z. Daha sonra, iptal edilen \u00fcr\u00fcnler ve teslimatlar\u0131 i\u00e7in \u00f6dedi\u011finiz tutarlar\u0131 geri \u00f6deyece\u011fiz. E\u011fer \u00fcr\u00fcnler size teslim edildiyse, bunlar\u0131 ya bize iade etmelisiniz ya da bizim toplamas\u0131na izin vermelisiniz ve bu masraflar\u0131 biz kar\u015f\u0131layaca\u011f\u0131z. <\/span><\/p>\n<p><b>1.12. \u00dcr\u00fcn\u00fcn Sorumlulu\u011funun Size Ge\u00e7mesi: <\/b><span style=\"font-weight: 400;\"> \u00dcr\u00fcn, \u00fcr\u00fcn\u00fc bize verdi\u011finiz adrese teslim etti\u011fimiz ya da \u00fcr\u00fcn\u00fc bizden ald\u0131\u011f\u0131n\u0131z andan itibaren sizin sorumlulu\u011funuzda olacakt\u0131r.<\/span><\/p>\n<p><b>1.13. \u00dcr\u00fcn\u00fcn Sahipli\u011fi: <\/b><span style=\"font-weight: 400;\"> Mallara sahiplik, tam \u00f6deme al\u0131nd\u0131ktan sonra size ge\u00e7er. Kanun, mallar\u0131n sahipli\u011finin ne zaman size ge\u00e7ece\u011fini belirler. Genel olarak, sahiplik en ge\u00e7 teslimat an\u0131nda (veya sizin taraf\u0131n\u0131zdan al\u0131nmas\u0131yla) ge\u00e7er, ancak e\u011fer mallar\u0131n g\u00f6nderime haz\u0131r oldu\u011fu konusunda sizi bilgilendirirsek, bu durum daha \u00f6nce de ger\u00e7ekle\u015febilir. <\/span><\/p>\t\t\t\t\t\t\t\t<\/div>\n\t\t\t\t<\/div>\n\t\t\t\t<div class=\"elementor-element elementor-element-ed3d3d8 elementor-widget elementor-widget-heading\" data-id=\"ed3d3d8\" data-element_type=\"widget\" data-widget_type=\"heading.default\">\n\t\t\t\t<div class=\"elementor-widget-container\">\n\t\t\t\t\t<h2 class=\"elementor-heading-title elementor-size-default\"><b>\u0130leti\u015fim<\/b><\/h2>\t\t\t\t<\/div>\n\t\t\t\t<\/div>\n\t\t\t\t<div class=\"elementor-element elementor-element-c236775 elementor-widget elementor-widget-text-editor\" data-id=\"c236775\" data-element_type=\"widget\" data-widget_type=\"text-editor.default\">\n\t\t\t\t<div class=\"elementor-widget-container\">\n\t\t\t\t\t\t\t\t\t<p>G\u00f6nderim ve teslimat politikalar\u0131m\u0131zla ilgili herhangi bir sorunuz veya endi\u015feniz varsa, l\u00fctfen bizimle \u015fu adresten ileti\u015fime ge\u00e7in:<\/p><p><a href=\"mailto:info@stileuropa.com\">info@stileuropa.com<\/a><\/p><p><a href=\"https:\/\/api.whatsapp.com\/send?phone=359895078348\">Whatsapp Destek Hatt\u0131<\/a><\/p>\t\t\t\t\t\t\t\t<\/div>\n\t\t\t\t<\/div>\n\t\t\t\t<\/div>\n\t\t\t\t\t<\/div>\n\t\t\t\t<\/div>\n\t\t\t\t<\/div>\n\t\t","protected":false},"excerpt":{"rendered":"<p>G\u00f6nderim ve Teslimat \u00dcr\u00fcnlerin Sa\u011flanmas\u0131 1.1. Teslimat \u00dccreti: Teslimat \u00fccretleri, sipari\u015f s\u00fcrecinde belirtilen \u015fekilde olacakt\u0131r. 1.2. \u00dcr\u00fcnlerin Sa\u011flanmas\u0131 1.2.1. \u00dcr\u00fcnlerin Teslimat\u0131: \u00dcr\u00fcn(leri) size makul bir s\u00fcrede teslim edece\u011fiz. \u00dcr\u00fcn a\u00e7\u0131klamalar\u0131nda belirtilen ortalama teslimat s\u00fcreleri, sipari\u015finizi verdi\u011finiz g\u00fcnden itibaren ge\u00e7erli olacakt\u0131r. 1.2.2. Teslimat ve \u00dcr\u00fcn Montaj\u0131: Sipari\u015finizi verirken, \u00fcr\u00fcn montaj hizmetimiz i\u00e7in ek bir \u00fccret \u00f6deme [&hellip;]<\/p>\n","protected":false},"author":1,"featured_media":0,"parent":0,"menu_order":0,"comment_status":"closed","ping_status":"closed","template":"","meta":{"footnotes":""},"class_list":["post-10328","page","type-page","status-publish","hentry"],"yoast_head":"<!-- This site is optimized with the Yoast SEO plugin v24.9 - https:\/\/yoast.com\/wordpress\/plugins\/seo\/ -->\n<title>G\u00f6nderim ve Teslimat - StilEuropa<\/title>\n<meta name=\"description\" content=\"G\u00f6nderim ve Teslimat - Teslimat an\u0131nda, teslimat tarihini ve saatini, teslim edilen \u00fcr\u00fcn(ler)i onaylayan bir teslimat notu sa\u011flayaca\u011f\u0131z.\" \/>\n<meta name=\"robots\" content=\"index, follow, max-snippet:-1, max-image-preview:large, max-video-preview:-1\" \/>\n<link rel=\"canonical\" href=\"https:\/\/stileuropa.com\/tr\/gonderim-ve-teslimat\/\" \/>\n<meta property=\"og:locale\" content=\"tr_TR\" \/>\n<meta property=\"og:type\" content=\"article\" \/>\n<meta property=\"og:title\" content=\"G\u00f6nderim ve Teslimat - StilEuropa\" \/>\n<meta property=\"og:description\" content=\"G\u00f6nderim ve Teslimat - Teslimat an\u0131nda, teslimat tarihini ve saatini, teslim edilen \u00fcr\u00fcn(ler)i onaylayan bir teslimat notu sa\u011flayaca\u011f\u0131z.\" \/>\n<meta property=\"og:url\" content=\"https:\/\/stileuropa.com\/tr\/gonderim-ve-teslimat\/\" \/>\n<meta property=\"og:site_name\" content=\"StilEuropa\" \/>\n<meta property=\"article:modified_time\" content=\"2024-11-21T13:33:41+00:00\" \/>\n<meta name=\"twitter:card\" content=\"summary_large_image\" \/>\n<meta name=\"twitter:label1\" content=\"Tahmini okuma s\u00fcresi\" \/>\n\t<meta name=\"twitter:data1\" content=\"4 dakika\" \/>\n<script type=\"application\/ld+json\" class=\"yoast-schema-graph\">{\"@context\":\"https:\/\/schema.org\",\"@graph\":[{\"@type\":\"WebPage\",\"@id\":\"https:\/\/stileuropa.com\/tr\/gonderim-ve-teslimat\/\",\"url\":\"https:\/\/stileuropa.com\/tr\/gonderim-ve-teslimat\/\",\"name\":\"G\u00f6nderim ve Teslimat - StilEuropa\",\"isPartOf\":{\"@id\":\"https:\/\/stileuropa.com\/#website\"},\"datePublished\":\"2024-07-09T01:25:57+00:00\",\"dateModified\":\"2024-11-21T13:33:41+00:00\",\"description\":\"G\u00f6nderim ve Teslimat - Teslimat an\u0131nda, teslimat tarihini ve saatini, teslim edilen \u00fcr\u00fcn(ler)i onaylayan bir teslimat notu sa\u011flayaca\u011f\u0131z.\",\"breadcrumb\":{\"@id\":\"https:\/\/stileuropa.com\/tr\/gonderim-ve-teslimat\/#breadcrumb\"},\"inLanguage\":\"tr\",\"potentialAction\":[{\"@type\":\"ReadAction\",\"target\":[\"https:\/\/stileuropa.com\/tr\/gonderim-ve-teslimat\/\"]}]},{\"@type\":\"BreadcrumbList\",\"@id\":\"https:\/\/stileuropa.com\/tr\/gonderim-ve-teslimat\/#breadcrumb\",\"itemListElement\":[{\"@type\":\"ListItem\",\"position\":1,\"name\":\"Home\",\"item\":\"https:\/\/stileuropa.com\/\"},{\"@type\":\"ListItem\",\"position\":2,\"name\":\"G\u00f6nderim ve Teslimat\"}]},{\"@type\":\"WebSite\",\"@id\":\"https:\/\/stileuropa.com\/#website\",\"url\":\"https:\/\/stileuropa.com\/\",\"name\":\"StilEuropa\",\"description\":\"\",\"publisher\":{\"@id\":\"https:\/\/stileuropa.com\/#organization\"},\"potentialAction\":[{\"@type\":\"SearchAction\",\"target\":{\"@type\":\"EntryPoint\",\"urlTemplate\":\"https:\/\/stileuropa.com\/?s={search_term_string}\"},\"query-input\":{\"@type\":\"PropertyValueSpecification\",\"valueRequired\":true,\"valueName\":\"search_term_string\"}}],\"inLanguage\":\"tr\"},{\"@type\":\"Organization\",\"@id\":\"https:\/\/stileuropa.com\/#organization\",\"name\":\"StilEuropa\",\"url\":\"https:\/\/stileuropa.com\/\",\"logo\":{\"@type\":\"ImageObject\",\"inLanguage\":\"tr\",\"@id\":\"https:\/\/stileuropa.com\/#\/schema\/logo\/image\/\",\"url\":\"https:\/\/stileuropa.com\/wp-content\/uploads\/2024\/08\/styleuropa-logo-black.webp\",\"contentUrl\":\"https:\/\/stileuropa.com\/wp-content\/uploads\/2024\/08\/styleuropa-logo-black.webp\",\"width\":501,\"height\":53,\"caption\":\"StilEuropa\"},\"image\":{\"@id\":\"https:\/\/stileuropa.com\/#\/schema\/logo\/image\/\"}}]}<\/script>\n<!-- \/ Yoast SEO plugin. -->","yoast_head_json":{"title":"G\u00f6nderim ve Teslimat - StilEuropa","description":"G\u00f6nderim ve Teslimat - Teslimat an\u0131nda, teslimat tarihini ve saatini, teslim edilen \u00fcr\u00fcn(ler)i onaylayan bir teslimat notu sa\u011flayaca\u011f\u0131z.","robots":{"index":"index","follow":"follow","max-snippet":"max-snippet:-1","max-image-preview":"max-image-preview:large","max-video-preview":"max-video-preview:-1"},"canonical":"https:\/\/stileuropa.com\/tr\/gonderim-ve-teslimat\/","og_locale":"tr_TR","og_type":"article","og_title":"G\u00f6nderim ve Teslimat - StilEuropa","og_description":"G\u00f6nderim ve Teslimat - Teslimat an\u0131nda, teslimat tarihini ve saatini, teslim edilen \u00fcr\u00fcn(ler)i onaylayan bir teslimat notu sa\u011flayaca\u011f\u0131z.","og_url":"https:\/\/stileuropa.com\/tr\/gonderim-ve-teslimat\/","og_site_name":"StilEuropa","article_modified_time":"2024-11-21T13:33:41+00:00","twitter_card":"summary_large_image","twitter_misc":{"Tahmini okuma s\u00fcresi":"4 dakika"},"schema":{"@context":"https:\/\/schema.org","@graph":[{"@type":"WebPage","@id":"https:\/\/stileuropa.com\/tr\/gonderim-ve-teslimat\/","url":"https:\/\/stileuropa.com\/tr\/gonderim-ve-teslimat\/","name":"G\u00f6nderim ve Teslimat - StilEuropa","isPartOf":{"@id":"https:\/\/stileuropa.com\/#website"},"datePublished":"2024-07-09T01:25:57+00:00","dateModified":"2024-11-21T13:33:41+00:00","description":"G\u00f6nderim ve Teslimat - Teslimat an\u0131nda, teslimat tarihini ve saatini, teslim edilen \u00fcr\u00fcn(ler)i onaylayan bir teslimat notu sa\u011flayaca\u011f\u0131z.","breadcrumb":{"@id":"https:\/\/stileuropa.com\/tr\/gonderim-ve-teslimat\/#breadcrumb"},"inLanguage":"tr","potentialAction":[{"@type":"ReadAction","target":["https:\/\/stileuropa.com\/tr\/gonderim-ve-teslimat\/"]}]},{"@type":"BreadcrumbList","@id":"https:\/\/stileuropa.com\/tr\/gonderim-ve-teslimat\/#breadcrumb","itemListElement":[{"@type":"ListItem","position":1,"name":"Home","item":"https:\/\/stileuropa.com\/"},{"@type":"ListItem","position":2,"name":"G\u00f6nderim ve Teslimat"}]},{"@type":"WebSite","@id":"https:\/\/stileuropa.com\/#website","url":"https:\/\/stileuropa.com\/","name":"StilEuropa","description":"","publisher":{"@id":"https:\/\/stileuropa.com\/#organization"},"potentialAction":[{"@type":"SearchAction","target":{"@type":"EntryPoint","urlTemplate":"https:\/\/stileuropa.com\/?s={search_term_string}"},"query-input":{"@type":"PropertyValueSpecification","valueRequired":true,"valueName":"search_term_string"}}],"inLanguage":"tr"},{"@type":"Organization","@id":"https:\/\/stileuropa.com\/#organization","name":"StilEuropa","url":"https:\/\/stileuropa.com\/","logo":{"@type":"ImageObject","inLanguage":"tr","@id":"https:\/\/stileuropa.com\/#\/schema\/logo\/image\/","url":"https:\/\/stileuropa.com\/wp-content\/uploads\/2024\/08\/styleuropa-logo-black.webp","contentUrl":"https:\/\/stileuropa.com\/wp-content\/uploads\/2024\/08\/styleuropa-logo-black.webp","width":501,"height":53,"caption":"StilEuropa"},"image":{"@id":"https:\/\/stileuropa.com\/#\/schema\/logo\/image\/"}}]}},"_links":{"self":[{"href":"https:\/\/stileuropa.com\/tr\/wp-json\/wp\/v2\/pages\/10328","targetHints":{"allow":["GET"]}}],"collection":[{"href":"https:\/\/stileuropa.com\/tr\/wp-json\/wp\/v2\/pages"}],"about":[{"href":"https:\/\/stileuropa.com\/tr\/wp-json\/wp\/v2\/types\/page"}],"author":[{"embeddable":true,"href":"https:\/\/stileuropa.com\/tr\/wp-json\/wp\/v2\/users\/1"}],"replies":[{"embeddable":true,"href":"https:\/\/stileuropa.com\/tr\/wp-json\/wp\/v2\/comments?post=10328"}],"version-history":[{"count":0,"href":"https:\/\/stileuropa.com\/tr\/wp-json\/wp\/v2\/pages\/10328\/revisions"}],"wp:attachment":[{"href":"https:\/\/stileuropa.com\/tr\/wp-json\/wp\/v2\/media?parent=10328"}],"curies":[{"name":"wp","href":"https:\/\/api.w.org\/{rel}","templated":true}]}}